{"id":183,"date":"2020-04-12T08:37:26","date_gmt":"2020-04-12T08:37:26","guid":{"rendered":"https:\/\/www.valkeakoskenvapaaseurakunta.fi\/?page_id=183"},"modified":"2026-04-27T04:44:01","modified_gmt":"2026-04-27T04:44:01","slug":"kotisivu","status":"publish","type":"page","link":"https:\/\/www.valkeakoskenvapaaseurakunta.fi\/","title":{"rendered":"Kotisivu"},"content":{"rendered":"\n<div class=\"wp-block-cover alignfull is-light\" style=\"min-height:800px;aspect-ratio:unset;\"><img loading=\"lazy\" decoding=\"async\" width=\"1024\" height=\"576\" class=\"wp-block-cover__image-background wp-image-1159 size-large\" alt=\"\" src=\"https:\/\/www.valkeakoskenvapaaseurakunta.fi\/wp-content\/uploads\/kuva1-1024x576.jpg\" data-object-fit=\"cover\" srcset=\"https:\/\/www.valkeakoskenvapaaseurakunta.fi\/wp-content\/uploads\/kuva1-1024x576.jpg 1024w, https:\/\/www.valkeakoskenvapaaseurakunta.fi\/wp-content\/uploads\/kuva1-300x169.jpg 300w, https:\/\/www.valkeakoskenvapaaseurakunta.fi\/wp-content\/uploads\/kuva1-768x432.jpg 768w, https:\/\/www.valkeakoskenvapaaseurakunta.fi\/wp-content\/uploads\/kuva1-1536x864.jpg 1536w, https:\/\/www.valkeakoskenvapaaseurakunta.fi\/wp-content\/uploads\/kuva1-1200x675.jpg 1200w, https:\/\/www.valkeakoskenvapaaseurakunta.fi\/wp-content\/uploads\/kuva1.jpg 1920w\" sizes=\"auto, (max-width: 1024px) 100vw, 1024px\" \/><span aria-hidden=\"true\" class=\"wp-block-cover__background has-background-dim-10 has-background-dim\" style=\"background-color:#a67a72\"><\/span><div class=\"wp-block-cover__inner-container is-layout-flow wp-block-cover-is-layout-flow\">\n<p class=\"has-text-align-center has-normal-font-size\"><strong><span style=\"color: #ffffff;\" class=\"stk-highlight\">S<\/span><\/strong><span style=\"color: #ffffff;\" class=\"stk-highlight\">ill\u00e4 min\u00e4 tunnen ajatukseni, jotka minulla on teit\u00e4 kohtaan, sanoo Herra: rauhan eik\u00e4 turmion ajatukset; min\u00e4 annan teille tulevaisuuden ja toivon. (Jer. 29:11) <\/span><\/p>\n<\/div><\/div>\n\n\n\n<h3 class=\"wp-block-heading has-text-align-center has-secondary-color has-text-color\" id=\"milloin\">MILLOIN?<\/h3>\n\n\n\n<div class=\"aligncenter wp-block-ugb-container ugb-container ugb-container--width-small ugb-37d9e65 ugb-container--v2 ugb-container--design-basic ugb-main-block\"><div class=\"ugb-inner-block\"><div class=\"ugb-block-content\"><div class=\"ugb-container__wrapper ugb-37d9e65-wrapper\"><div class=\"ugb-container__side\"><div class=\"ugb-container__content-wrapper ugb-37d9e65-content-wrapper\">\n<p class=\"has-text-align-center has-large-font-size\" style=\"font-style:normal;font-weight:700\">Toukokuusta l\u00e4htien siirrymme taas kes\u00e4aikaan eli sunnuntain iltatilaisuudet alkavat klo 17.<\/p>\n\n\n\n<p class=\"has-text-align-center has-large-font-size\" style=\"font-style:normal;font-weight:700\"><\/p>\n\n\n\n<p class=\"has-text-align-center has-large-font-size\" style=\"font-style:normal;font-weight:700\">Siunausta p\u00e4iv\u00e4\u00e4si ja tervetuloa tilaisuuksiimme!<\/p>\n\n\n\n<p class=\"has-text-align-center has-large-font-size\" style=\"font-style:normal;font-weight:700\"><\/p>\n\n\n\n<p><\/p>\n<\/div><\/div><\/div><\/div><\/div><\/div>\n\n\n<p style=\"text-align: center;\">\n<table id=\"tablepress-1\" class=\"tablepress tablepress-id-1\">\n<thead>\n<tr class=\"row-1\">\n\t<th class=\"column-1\">Huhtikuu<\/th><th class=\"column-2\">.<\/th>\n<\/tr>\n<\/thead>\n<tbody class=\"row-striping row-hover\">\n<tr class=\"row-2\">\n\t<td class=\"column-1\">to 2.4. klo 18<\/td><td class=\"column-2\">Kiirastorstain yl\u00e4sali-ilta (huomaa kellonaika)<\/td>\n<\/tr>\n<tr class=\"row-3\">\n\t<td class=\"column-1\">su 5.4. klo 16<\/td><td class=\"column-2\">Yl\u00f6snousemusjuhla (Isto Laitinen, mus. Osmo L\u00f6tj\u00f6nen - huomaa kellonaika)<\/td>\n<\/tr>\n<tr class=\"row-4\">\n\t<td class=\"column-1\">to 9.4. klo 17<\/td><td class=\"column-2\">Sanan ja rukouksen ilta<\/td>\n<\/tr>\n<tr class=\"row-5\">\n\t<td class=\"column-1\">la 11.4. klo 11-13<\/td><td class=\"column-2\">Soppaa Koiton aukiolla<\/td>\n<\/tr>\n<tr class=\"row-6\">\n\t<td class=\"column-1\">la 11.4. klo 14<\/td><td class=\"column-2\">Raamattupiiri<\/td>\n<\/tr>\n<tr class=\"row-7\">\n\t<td class=\"column-1\">su 12.4. klo 16<\/td><td class=\"column-2\">Vainotun seurakunnan rinnalla (Tommi Hintsanen, Marttyyrien \u00e4\u00e4ni)<\/td>\n<\/tr>\n<tr class=\"row-8\">\n\t<td class=\"column-1\">ti 14.4. klo 18<\/td><td class=\"column-2\">Seurakunnan virallinen vuosikokous<\/td>\n<\/tr>\n<tr class=\"row-9\">\n\t<td class=\"column-1\">to 16.4. klo 17<\/td><td class=\"column-2\">Sanan ja rukouksen ilta<\/td>\n<\/tr>\n<tr class=\"row-10\">\n\t<td class=\"column-1\">la 18.4. klo 11-12.30<\/td><td class=\"column-2\">Juttutupa (hartaushetki, kahvit ja ruokakassien jako)<\/td>\n<\/tr>\n<tr class=\"row-11\">\n\t<td class=\"column-1\">\u0421\u0431 18.4. \u043e 11-12.30<\/td><td class=\"column-2\">\u043c\u043e\u043c\u0435\u043d\u0442 \u0432\u0456\u0434\u0434\u0430\u043d\u043e\u0441\u0442\u0456, \u0440\u043e\u0437\u0434\u0430\u0447\u0430 \u043f\u0440\u043e\u0434\u0443\u043a\u0442\u043e\u0432\u0438\u0445 \u043f\u0430\u043a\u0435\u0442\u0456\u0432 \u0456 \u043a\u0430\u0432\u0438<\/td>\n<\/tr>\n<tr class=\"row-12\">\n\t<td class=\"column-1\">la 18.4. klo 14<\/td><td class=\"column-2\">Raamattupiiri<\/td>\n<\/tr>\n<tr class=\"row-13\">\n\t<td class=\"column-1\">su 19.4. klo 16<\/td><td class=\"column-2\">Iltakirkko (Ari-Pekka ja Erika Niemel\u00e4)<\/td>\n<\/tr>\n<tr class=\"row-14\">\n\t<td class=\"column-1\">to 23.4. klo 17<\/td><td class=\"column-2\">Sanan ja rukouksen ilta<\/td>\n<\/tr>\n<tr class=\"row-15\">\n\t<td class=\"column-1\">la 25.4. - su 26.4.<\/td><td class=\"column-2\">Seurakunnan retki Kiponniemeen<\/td>\n<\/tr>\n<tr class=\"row-16\">\n\t<td class=\"column-1\">ke 29.4. klo 17<\/td><td class=\"column-2\">Sanan ja rukouksen ilta (huom. poikkeuksellinen p\u00e4iv\u00e4)<\/td>\n<\/tr>\n<\/tbody>\n<\/table>\n<\/p>\n<p style=\"text-align: center;\">\n<table id=\"tablepress-2\" class=\"tablepress tablepress-id-2\">\n<thead>\n<tr class=\"row-1\">\n\t<th class=\"column-1\">Toukokuu<\/th><th class=\"column-2\">.<\/th>\n<\/tr>\n<\/thead>\n<tbody class=\"row-striping row-hover\">\n<tr class=\"row-2\">\n\t<td class=\"column-1\">la 2.5. klo 14<\/td><td class=\"column-2\">Raamattupiiri<\/td>\n<\/tr>\n<tr class=\"row-3\">\n\t<td class=\"column-1\">su 3.5. klo 11<\/td><td class=\"column-2\">Ehtoolliskirkko (Pertti Keisala mus. Osmo L\u00f6tj\u00f6nen)<\/td>\n<\/tr>\n<tr class=\"row-4\">\n\t<td class=\"column-1\">to 7.5. klo 17<\/td><td class=\"column-2\">Sanan ja rukouksen ilta<\/td>\n<\/tr>\n<tr class=\"row-5\">\n\t<td class=\"column-1\">la 9.5. klo 14<\/td><td class=\"column-2\">Raamattupiiri<\/td>\n<\/tr>\n<tr class=\"row-6\">\n\t<td class=\"column-1\">su 10.5. <\/td><td class=\"column-2\">\u00c4itienp\u00e4iv\u00e4 - Ei tilaisuutta<\/td>\n<\/tr>\n<tr class=\"row-7\">\n\t<td class=\"column-1\">to 14.5. klo 17<\/td><td class=\"column-2\">Sanan ja rukouksen ilta<\/td>\n<\/tr>\n<tr class=\"row-8\">\n\t<td class=\"column-1\">la 16.5. klo 11-12.30<\/td><td class=\"column-2\">Soppatykki Koiton aukiolla<\/td>\n<\/tr>\n<tr class=\"row-9\">\n\t<td class=\"column-1\">la 16.5. klo 14<\/td><td class=\"column-2\">Raamattupiiri<\/td>\n<\/tr>\n<tr class=\"row-10\">\n\t<td class=\"column-1\">su 17.5. klo 17<\/td><td class=\"column-2\">Todistuskokous<\/td>\n<\/tr>\n<tr class=\"row-11\">\n\t<td class=\"column-1\">to 21.5. klo 17<\/td><td class=\"column-2\">Sanan ja rukouksen ilta<\/td>\n<\/tr>\n<tr class=\"row-12\">\n\t<td class=\"column-1\">la 23.5. klo 11-12.30.<\/td><td class=\"column-2\">Juttutupa (hartaushetki, ruokakassien jako ja kahvit)<\/td>\n<\/tr>\n<tr class=\"row-13\">\n\t<td class=\"column-1\">\u0421\u0431 23.5. \u043e 11-12.30<\/td><td class=\"column-2\">\u043c\u043e\u043c\u0435\u043d\u0442 \u0432\u0456\u0434\u0434\u0430\u043d\u043e\u0441\u0442\u0456, \u0440\u043e\u0437\u0434\u0430\u0447\u0430 \u043f\u0440\u043e\u0434\u0443\u043a\u0442\u043e\u0432\u0438\u0445 \u043f\u0430\u043a\u0435\u0442\u0456\u0432 \u0456 \u043a\u0430\u0432\u0438 <\/td>\n<\/tr>\n<tr class=\"row-14\">\n\t<td class=\"column-1\">la 23.5. klo 14<\/td><td class=\"column-2\">Raamattupiiri<\/td>\n<\/tr>\n<tr class=\"row-15\">\n\t<td class=\"column-1\">su 24.5. klo 17<\/td><td class=\"column-2\">Iltakirkko (Mari Mattelm\u00e4ki)<\/td>\n<\/tr>\n<tr class=\"row-16\">\n\t<td class=\"column-1\">to 28.5. klo 17<\/td><td class=\"column-2\">Sanan ja rukouksen ilta<\/td>\n<\/tr>\n<tr class=\"row-17\">\n\t<td class=\"column-1\">la 30.5. klo 14<\/td><td class=\"column-2\">Raamattupiiri<\/td>\n<\/tr>\n<tr class=\"row-18\">\n\t<td class=\"column-1\">su 31.5. klo 17<\/td><td class=\"column-2\">Iltakirkko (Pertti Oivanen)<\/td>\n<\/tr>\n<\/tbody>\n<\/table>\n<\/p>\n\n\n<div class=\"wp-block-stackable-spacer stk-block-spacer stk--no-padding stk-block stk-11654e2\" data-block-id=\"11654e2\"><\/div>\n\n\n\n<div class=\"wp-block-ugb-spacer ugb-spacer ugb-4c4b642 ugb-spacer--v2 ugb-main-block\"><div class=\"ugb-inner-block\"><div class=\"ugb-block-content\"><div class=\"ugb-spacer--inner\"><\/div><\/div><\/div><\/div>\n\n\n\n<div class=\"wp-block-ugb-divider ugb-divider ugb-236fd0e ugb-divider--v2 ugb-divider--design-bar ugb-main-block\"><div class=\"ugb-inner-block\"><div class=\"ugb-block-content\"><hr class=\"ugb-divider__hr\"\/><\/div><\/div><\/div>\n\n\n\n<h3 class=\"wp-block-heading has-text-align-center has-secondary-color has-text-color\" id=\"missa\">MISS\u00c4?<\/h3>\n\n\n\n<div class=\"wp-block-columns is-layout-flex wp-container-core-columns-is-layout-9d6595d7 wp-block-columns-is-layout-flex\">\n<div class=\"wp-block-column is-layout-flow wp-block-column-is-layout-flow\">\n<p class=\"has-text-align-center has-normal-font-size\"><strong>Osoite:<\/strong><\/p>\n\n\n\n<p class=\"has-text-align-center\">Valkeakosken Vapaaseurakunta<\/p>\n\n\n\n<p class=\"has-text-align-center\">Kirjaskatu 26<\/p>\n\n\n\n<p class=\"has-text-align-center\">37600 Valkeakoski<\/p>\n<\/div>\n\n\n\n<div class=\"wp-block-column is-layout-flow wp-block-column-is-layout-flow\">\n<p class=\"has-text-align-center\"><strong>Tilitiedot<\/strong>:<\/p>\n\n\n\n<p class=\"has-text-align-center\">FI95 5494 0940 0421 48<\/p>\n\n\n\n<p class=\"has-text-align-center\">Kannatusten viitenumero: 30025<\/p>\n<\/div>\n<\/div>\n\n\n\n<p class=\"has-text-align-center\"><strong>Netti:<\/strong><\/p>\n\n\n\n<p class=\"has-text-align-center\">posti (\u00e4t) valkeakoskenvapaaseurakunta.fi<\/p>\n\n\n\n<p class=\"has-text-align-center\">Seurakunnan <a href=\"\/\/fi-fi.facebook.com\/vlkvapaasrk\" target=\"_blank\" rel=\"noreferrer noopener\">Facebook<\/a>-sivut<\/p>\n\n\n\n<div class=\"wp-block-ugb-spacer ugb-spacer ugb-5aa0ba7 ugb-spacer--v2 ugb-main-block\"><div class=\"ugb-inner-block\"><div class=\"ugb-block-content\"><div class=\"ugb-spacer--inner\"><\/div><\/div><\/div><\/div>\n\n\n\n<div class=\"wp-block-ugb-divider ugb-divider ugb-c9a1011 ugb-divider--v2 ugb-divider--design-bar ugb-main-block\"><div class=\"ugb-inner-block\"><div class=\"ugb-block-content\"><hr class=\"ugb-divider__hr\"\/><\/div><\/div><\/div>\n\n\n\n<h3 class=\"wp-block-heading has-text-align-center has-secondary-color has-text-color\" id=\"mita\">MIT\u00c4?<\/h3>\n\n\n\n<p class=\"has-text-align-center\">Alta voit kuunnella puheita aiemmista tilaisuuksistamme.<\/p>\n\n\n\n<p class=\"has-text-align-center\"><a href=\"https:\/\/www.valkeakoskenvapaaseurakunta.fi\/wp-content\/uploads\/puheet\/puhe260201.mp3\"><span style=\"color:#e88333\" class=\"has-inline-color\">Puhe 1.2.2026  (Pekka Oivanen)<\/span><\/a><\/p>\n\n\n\n<p class=\"has-text-align-center\"><a href=\"https:\/\/www.valkeakoskenvapaaseurakunta.fi\/wp-content\/uploads\/puheet\/puhe260208.mp3\"><span style=\"color:#e88333\" class=\"has-inline-color\">Puhe 8.2.2026  (Paavo J\u00e4rvinen)<\/span><\/a><\/p>\n\n\n\n<p class=\"has-text-align-center\"><a href=\"https:\/\/www.valkeakoskenvapaaseurakunta.fi\/wp-content\/uploads\/puheet\/puhe260215.mp3\"><span style=\"color:#e88333\" class=\"has-inline-color\">Puhe 15.2.2026  (Jarmo Ojanper\u00e4)<\/span><\/a><\/p>\n\n\n\n<p class=\"has-text-align-center\"><a href=\"https:\/\/www.valkeakoskenvapaaseurakunta.fi\/wp-content\/uploads\/puheet\/puhe260222.mp3\"><span style=\"color:#e88333\" class=\"has-inline-color\">Puhe 22.2.2026  (Jouni Rantanen)<\/span><\/a><\/p>\n\n\n\n<p class=\"has-text-align-center\"><a href=\"https:\/\/www.valkeakoskenvapaaseurakunta.fi\/wp-content\/uploads\/puheet\/puhe260301.mp3\"><span style=\"color:#e88333\" class=\"has-inline-color\">Puhe 1.3.2026  (Marko Riikonen)<\/span><\/a><\/p>\n\n\n\n<p class=\"has-text-align-center\"><a href=\"https:\/\/www.valkeakoskenvapaaseurakunta.fi\/wp-content\/uploads\/puheet\/puhe260315.mp3\"><span style=\"color:#e88333\" class=\"has-inline-color\">Puhe 15.3.2026  (Juhani Huuskonen)<\/span><\/a><\/p>\n\n\n\n<p class=\"has-text-align-center\"><a href=\"https:\/\/www.valkeakoskenvapaaseurakunta.fi\/wp-content\/uploads\/puheet\/puhe260322.mp3\"><span style=\"color:#e88333\" class=\"has-inline-color\">Puhe 22.3.2026  (Kari K\u00e4h\u00e4ri)<\/span><\/a><\/p>\n\n\n\n<p class=\"has-text-align-center\"><a href=\"https:\/\/www.valkeakoskenvapaaseurakunta.fi\/wp-content\/uploads\/puheet\/puhe260329.mp3\"><span style=\"color:#e88333\" class=\"has-inline-color\">Puhe 29.3.2026  (Pertti Keisala)<\/span><\/a><\/p>\n\n\n\n<p class=\"has-text-align-center\"><a href=\"https:\/\/www.valkeakoskenvapaaseurakunta.fi\/wp-content\/uploads\/puheet\/puhe260405.mp3\"><span style=\"color:#e88333\" class=\"has-inline-color\">Puhe 5.4.2026  (Isto Laitinen)<\/span><\/a><\/p>\n\n\n\n<p class=\"has-text-align-center\"><a href=\"https:\/\/www.valkeakoskenvapaaseurakunta.fi\/wp-content\/uploads\/puheet\/puhe260412.mp3\"><span style=\"color:#e88333\" class=\"has-inline-color\">Puhe 12.4.2026  (Tommi Hintsanen)<\/span><\/a><\/p>\n\n\n\n<p class=\"has-text-align-center\"><a href=\"https:\/\/www.valkeakoskenvapaaseurakunta.fi\/wp-content\/uploads\/puheet\/puhe260419.mp3\"><span style=\"color:#e88333\" class=\"has-inline-color\">Puhe 19.4.2026  (Ari-Pekka Niemel\u00e4)<\/span><\/a><\/p>\n\n\n\n<div class=\"wp-block-ugb-divider ugb-divider ugb-2e2ccdd ugb-divider--v2 ugb-divider--design-bar ugb-main-block\"><div class=\"ugb-inner-block\"><div class=\"ugb-block-content\"><hr class=\"ugb-divider__hr\"\/><\/div><\/div><\/div>\n\n\n\n<h3 class=\"wp-block-heading has-text-align-center has-secondary-color has-text-color\" id=\"miksi\">MIKSI?<\/h3>\n\n\n\n<p>Me olemme varsin pieni joukko tavallisia ja monin tavoin vajavaisia ihmisi\u00e4, mutta meill\u00e4 on t\u00e4ydellinen Taivaallinen Is\u00e4. Meid\u00e4n toivomme on siin\u00e4, ett\u00e4 Jeesus kuoli vuoksemme ristill\u00e4 ja saamme sen vuoksi olla Kaikkivaltiaan Jumalan lapsia. Monille meist\u00e4 seurakunta on v\u00e4h\u00e4n niin kuin toinen perhe. Kuljemme yhdess\u00e4 t\u00e4t\u00e4 matkaa, el\u00e4m\u00e4n iloissa ja suruissa, kohti valoisaa tulevaisuutta. <\/p>\n\n\n\n<p>Seurakuntamme on yksi Suomen Vapaakirkon seurakunnista. Vapaakirkolla ei ole sin\u00e4ll\u00e4\u00e4n mit\u00e4\u00e4n erillist\u00e4 tunnustusta, vaan uskomme pohjautuu Raamattuun. Pyrimme kulkemaan Raamatun viitoittamaa tiet\u00e4 parhaan ymm\u00e4rryksemme mukaan.<\/p>\n\n\n\n<p class=\"has-text-align-center has-large-font-size\"><mark style=\"background-color:rgba(0, 0, 0, 0);color:#e88333\" class=\"has-inline-color\"><strong>Tervetuloa tilaisuuksimme!<\/strong><\/mark><\/p>\n\n\n\n<div class=\"wp-block-ugb-spacer ugb-spacer ugb-64f8a5c ugb-spacer--v2 ugb-main-block\"><div class=\"ugb-inner-block\"><div class=\"ugb-block-content\"><div class=\"ugb-spacer--inner\"><\/div><\/div><\/div><\/div>\n\n\n\n<div class=\"wp-block-cover alignfull is-light\"><img loading=\"lazy\" decoding=\"async\" width=\"1024\" height=\"576\" class=\"wp-block-cover__image-background wp-image-1159 size-large\" alt=\"\" src=\"https:\/\/www.valkeakoskenvapaaseurakunta.fi\/wp-content\/uploads\/kuva1-1024x576.jpg\" data-object-fit=\"cover\" srcset=\"https:\/\/www.valkeakoskenvapaaseurakunta.fi\/wp-content\/uploads\/kuva1-1024x576.jpg 1024w, https:\/\/www.valkeakoskenvapaaseurakunta.fi\/wp-content\/uploads\/kuva1-300x169.jpg 300w, https:\/\/www.valkeakoskenvapaaseurakunta.fi\/wp-content\/uploads\/kuva1-768x432.jpg 768w, https:\/\/www.valkeakoskenvapaaseurakunta.fi\/wp-content\/uploads\/kuva1-1536x864.jpg 1536w, https:\/\/www.valkeakoskenvapaaseurakunta.fi\/wp-content\/uploads\/kuva1-1200x675.jpg 1200w, https:\/\/www.valkeakoskenvapaaseurakunta.fi\/wp-content\/uploads\/kuva1.jpg 1920w\" sizes=\"auto, (max-width: 1024px) 100vw, 1024px\" \/><span aria-hidden=\"true\" class=\"wp-block-cover__background has-background-dim-10 has-background-dim\" style=\"background-color:#a67a72\"><\/span><div class=\"wp-block-cover__inner-container is-layout-flow wp-block-cover-is-layout-flow\">\n<p class=\"has-text-align-center has-normal-font-size\"><strong><span style=\"color: #ffffff;\" class=\"stk-highlight\"><strong><span style=\"color: #ffffff;\" class=\"stk-highlight\"> S<\/span><\/strong><\/span><\/strong><span style=\"color: #ffffff;\" class=\"stk-highlight\"><span style=\"color: #ffffff;\" class=\"stk-highlight\">ill\u00e4 min\u00e4 tunnen ajatukseni, jotka minulla on teit\u00e4 kohtaan, sanoo Herra: rauhan eik\u00e4 turmion ajatukset; min\u00e4 annan teille tulevaisuuden ja toivon. (Jer. 29:11)<\/span><\/span><\/p>\n<\/div><\/div>\n\n\n\n<p><\/p>\n\n\n<style class=\"advgb-styles-renderer\">.ugb-37d9e65.ugb-container{opacity:1 !important}@media screen and (min-width:768px){.ugb-37d9e65-content-wrapper.ugb-container__content-wrapper{width:56% !important}}@media screen and (min-width:768px){.ugb-4c4b642.ugb-spacer{height:10px !important}}.ugb-236fd0e hr.ugb-divider__hr{background-color:#e88333 !important;height:7px !important;margin-left:auto !important;margin-right:auto !important;border-radius:calc(7px \/ 2) !important}@media screen and (min-width:768px){.ugb-5aa0ba7.ugb-spacer{height:10px !important}}.ugb-c9a1011 hr.ugb-divider__hr{background-color:#e88333 !important;height:7px !important;margin-left:auto !important;margin-right:auto !important;border-radius:calc(7px \/ 2) !important}.ugb-2e2ccdd hr.ugb-divider__hr{background-color:#e88333 !important;height:7px !important;margin-left:auto !important;margin-right:auto !important;border-radius:calc(7px \/ 2) !important}@media screen and (min-width:768px){.ugb-64f8a5c.ugb-spacer{height:100px !important}}<\/style>","protected":false},"excerpt":{"rendered":"<p>MILLOIN? Toukokuusta l\u00e4htien siirrymme taas kes\u00e4aikaan eli sunnuntain iltatilaisuudet alkavat klo 17. Siunausta p\u00e4iv\u00e4\u00e4si ja tervetuloa tilaisuuksiimme! MISS\u00c4? Osoite: Valkeakosken Vapaaseurakunta Kirjaskatu 26 37600 Valkeakoski Tilitiedot: FI95 5494 0940 0421 48 Kannatusten viitenumero: 30025 Netti: posti (\u00e4t) valkeakoskenvapaaseurakunta.fi Seurakunnan Facebook-sivut MIT\u00c4? Alta voit kuunnella puheita aiemmista tilaisuuksistamme. Puhe 1.2.2026 (Pekka Oivanen) Puhe 8.2.2026 (Paavo J\u00e4rvinen) [&hellip;]<\/p>\n","protected":false},"author":1,"featured_media":0,"parent":0,"menu_order":0,"comment_status":"closed","ping_status":"closed","template":"templates\/template-full-width.php","meta":{"advgb_blocks_editor_width":"","advgb_blocks_columns_visual_guide":"","footnotes":""},"class_list":["post-183","page","type-page","status-publish","hentry"],"featured_image_urls_v2":{"full":"","thumbnail":"","medium":"","medium_large":"","large":"","1536x1536":"","2048x2048":"","post-thumbnail":"","twentytwenty-fullscreen":""},"post_excerpt_stackable_v2":"<p>Sill\u00e4 min\u00e4 tunnen ajatukseni, jotka minulla on teit\u00e4 kohtaan, sanoo Herra: rauhan eik\u00e4 turmion ajatukset; min\u00e4 annan teille tulevaisuuden ja toivon. (Jer. 29:11) MILLOIN? Toukokuusta l\u00e4htien siirrymme taas kes\u00e4aikaan eli sunnuntain iltatilaisuudet alkavat klo 17. Siunausta p\u00e4iv\u00e4\u00e4si ja tervetuloa tilaisuuksiimme! Huhtikuu. to 2.4. klo 18Kiirastorstain yl\u00e4sali-ilta (huomaa kellonaika) su 5.4. klo 16Yl\u00f6snousemusjuhla (Isto Laitinen, mus. Osmo L\u00f6tj\u00f6nen &#8211; huomaa kellonaika) to 9.4. klo 17Sanan ja rukouksen ilta la 11.4. klo 11-13Soppaa Koiton aukiolla la 11.4. klo 14Raamattupiiri su 12.4. klo 16Vainotun seurakunnan rinnalla (Tommi Hintsanen, Marttyyrien \u00e4\u00e4ni) ti 14.4. klo 18Seurakunnan virallinen vuosikokous to 16.4. klo 17Sanan ja rukouksen ilta&hellip;<\/p>\n","category_list_v2":"","author_info_v2":{"name":"admin","url":"https:\/\/www.valkeakoskenvapaaseurakunta.fi\/?author=1"},"comments_num_v2":"0 comments","coauthors":[],"author_meta":{"author_link":"https:\/\/www.valkeakoskenvapaaseurakunta.fi\/?author=1","display_name":"admin"},"relative_dates":{"created":"Posted 6 years ago","modified":"Updated 4 days ago"},"absolute_dates":{"created":"Posted on April 12, 2020","modified":"Updated on April 27, 2026"},"absolute_dates_time":{"created":"Posted on April 12, 2020 8:37 am","modified":"Updated on April 27, 2026 4:44 am"},"featured_img_caption":"","featured_img":false,"series_order":"","_links":{"self":[{"href":"https:\/\/www.valkeakoskenvapaaseurakunta.fi\/index.php?rest_route=\/wp\/v2\/pages\/183","targetHints":{"allow":["GET"]}}],"collection":[{"href":"https:\/\/www.valkeakoskenvapaaseurakunta.fi\/index.php?rest_route=\/wp\/v2\/pages"}],"about":[{"href":"https:\/\/www.valkeakoskenvapaaseurakunta.fi\/index.php?rest_route=\/wp\/v2\/types\/page"}],"author":[{"embeddable":true,"href":"https:\/\/www.valkeakoskenvapaaseurakunta.fi\/index.php?rest_route=\/wp\/v2\/users\/1"}],"replies":[{"embeddable":true,"href":"https:\/\/www.valkeakoskenvapaaseurakunta.fi\/index.php?rest_route=%2Fwp%2Fv2%2Fcomments&post=183"}],"version-history":[{"count":674,"href":"https:\/\/www.valkeakoskenvapaaseurakunta.fi\/index.php?rest_route=\/wp\/v2\/pages\/183\/revisions"}],"predecessor-version":[{"id":2159,"href":"https:\/\/www.valkeakoskenvapaaseurakunta.fi\/index.php?rest_route=\/wp\/v2\/pages\/183\/revisions\/2159"}],"wp:attachment":[{"href":"https:\/\/www.valkeakoskenvapaaseurakunta.fi\/index.php?rest_route=%2Fwp%2Fv2%2Fmedia&parent=183"}],"curies":[{"name":"wp","href":"https:\/\/api.w.org\/{rel}","templated":true}]}}